{"id":42492,"date":"2026-06-11T12:10:38","date_gmt":"2026-06-11T10:10:38","guid":{"rendered":"https:\/\/vinosaldiso.com\/?post_type=product&#038;p=42492"},"modified":"2026-06-11T12:11:05","modified_gmt":"2026-06-11T10:11:05","slug":"pedro-ximenez-pemartin","status":"publish","type":"product","link":"https:\/\/vinosaldiso.com\/en\/product\/pedro-ximenez-pemartin\/","title":{"rendered":"Pedro Xim\u00e9nez Pemart\u00edn"},"content":{"rendered":"<p>Botella de vino Pedro Xim\u00e9nez Pemart\u00edn. Tras secar las uvas al sol durante d\u00eda, este vino pasa toda su crianza en botas de roble americano de 500 litros, en contacto con el aire. De sabor extremadamente dulce y aroma a frutas pasificadas. Un manjar para los sentidos.<\/p>\n<p>El Pedro Xim\u00e9nez es un que se asocia a su consumo con postres y dulces, pero adem\u00e1s tambi\u00e9n casa perfectamente con quesos azules o muy curados.<\/p>","protected":false},"excerpt":{"rendered":"<p>Botella de vino Pedro Xim\u00e9nez Pemart\u00edn. Tras secar las uvas al sol durante d\u00eda, este vino pasa toda su crianza en botas de roble americano de 500 litros, en contacto con el aire. De sabor extremadamente dulce y aroma a frutas pasificadas. Un manjar para los sentidos.<\/p>\n<p><strong>Uva:\u00a0<\/strong>Pedro Xim\u00e9nez<\/p>\n<p><strong>Bodega:\u00a0<\/strong>D\u00edez M\u00e9rito<\/p>\n<p><strong>Cantidad: <\/strong>75\u00a0cl.<\/p>","protected":false},"featured_media":42537,"comment_status":"closed","ping_status":"closed","template":"","meta":{"_acf_changed":false,"inline_featured_image":false},"product_brand":[],"product_cat":[85],"product_tag":[80,72,210],"class_list":["post-42492","product","type-product","status-publish","has-post-thumbnail","product_cat-pedro-ximenez","product_tag-diez-merito","product_tag-pedro-ximenez","product_tag-pemartin","pa_bodega-diez-merito","pa_cantidad-75-cl","first","outofstock","taxable","shipping-taxable","purchasable","product-type-simple"],"acf":[],"_links":{"self":[{"href":"https:\/\/vinosaldiso.com\/en\/wp-json\/wp\/v2\/product\/42492","targetHints":{"allow":["GET"]}}],"collection":[{"href":"https:\/\/vinosaldiso.com\/en\/wp-json\/wp\/v2\/product"}],"about":[{"href":"https:\/\/vinosaldiso.com\/en\/wp-json\/wp\/v2\/types\/product"}],"replies":[{"embeddable":true,"href":"https:\/\/vinosaldiso.com\/en\/wp-json\/wp\/v2\/comments?post=42492"}],"wp:featuredmedia":[{"embeddable":true,"href":"https:\/\/vinosaldiso.com\/en\/wp-json\/wp\/v2\/media\/42537"}],"wp:attachment":[{"href":"https:\/\/vinosaldiso.com\/en\/wp-json\/wp\/v2\/media?parent=42492"}],"wp:term":[{"taxonomy":"product_brand","embeddable":true,"href":"https:\/\/vinosaldiso.com\/en\/wp-json\/wp\/v2\/product_brand?post=42492"},{"taxonomy":"product_cat","embeddable":true,"href":"https:\/\/vinosaldiso.com\/en\/wp-json\/wp\/v2\/product_cat?post=42492"},{"taxonomy":"product_tag","embeddable":true,"href":"https:\/\/vinosaldiso.com\/en\/wp-json\/wp\/v2\/product_tag?post=42492"}],"curies":[{"name":"wp","href":"https:\/\/api.w.org\/{rel}","templated":true}]}}